{"id":649,"date":"2023-12-19T13:55:27","date_gmt":"2023-12-19T13:55:27","guid":{"rendered":"http:\/\/www.balatonfenyves-horvath.hu\/?page_id=649"},"modified":"2024-01-24T15:30:47","modified_gmt":"2024-01-24T15:30:47","slug":"hazirend","status":"publish","type":"page","link":"http:\/\/www.balatonfenyves-horvath.hu\/index.php\/hazirend\/","title":{"rendered":"H\u00e1zirend"},"content":{"rendered":"\n<h2 class=\"wp-block-heading\"> Vend\u00e9gh\u00e1z c\u00edme: 8846 BALATONFENYVES, EL\u0150D u.13.<\/h2>\n\n\n\n<p>\u00dczemeltet\u0151: Horv\u00e1th Imr\u00e9n\u00e9<\/p>\n\n\n\n<p>Tulajdonos: Horv\u00e1th Imre<\/p>\n\n\n\n<p>Kapcsolat az \u00fczemeltet\u0151vel:<\/p>\n\n\n\n<p>n\u00e9v: Horv\u00e1th Imr\u00e9n\u00e9<\/p>\n\n\n\n<p>telefon: 30&nbsp;277 5322<\/p>\n\n\n\n<p>e-mail: <a href=\"mailto:himre999@gmail.com\">himre999@gmail.com<\/a>&nbsp;<\/p>\n\n\n\n<p>Honlap: <a href=\"http:\/\/www.balatonfenyves-horvath.hu\">www.balatonfenyves-horvath.hu<\/a><\/p>\n\n\n\n<p>wifi jelsz\u00f3:<strong>&nbsp; N51JG13F4G5<\/strong><\/p>\n\n\n\n<p>\u00dczemeltet\u00e9si adatok<\/p>\n\n\n\n<p>Ad\u00f3sz\u00e1m: 55220088-1-40<\/p>\n\n\n\n<p>NTAK: MA19018005&nbsp;<\/p>\n\n\n\n<p><strong>Kedves Vend\u00e9geink!<\/strong><\/p>\n\n\n\n<p>Mi azon f\u00e1radozunk, hogy \u00d6n\u00f6k pihen\u00e9s\u00fck ideje alatt j\u00f3l \u00e9rezhess\u00e9k magukat n\u00e1lunk!<\/p>\n\n\n\n<p>Ha ezen t\u00f6rekv\u00e9s\u00fcnk ellen\u00e9re b\u00e1rmi zavar\u00f3 t\u00e9nyez\u0151t \u00e9szlelnek, k\u00e9rj\u00fck forduljanak az \u00fczemeltet\u0151h\u00f6z.<\/p>\n\n\n\n<p>A Vend\u00e9gh\u00e1zat &nbsp;az \u00e9rkez\u00e9s napj\u00e1n 14.00-18.00 h k\u00f6z\u00f6tt tudj\u00e1k elfoglalni \u00e9s a t\u00e1voz\u00e1s napj\u00e1n 10.00 h-ig kell elhagyni. Az \u00e9rkez\u00e9s \u00e9s a t\u00e1voz\u00e1s napj\u00e1n az \u00fczemeltet\u0151 a helysz\u00ednen tart\u00f3zkodik. 24 \u00f3r\u00e1ban t\u00f6rt\u00e9n\u0151 telefonos el\u00e9rhet\u0151s\u00e9g rendelkez\u00e9sre \u00e1ll. Hosszabb tart\u00f3zkod\u00e1s eset\u00e9n az \u00e1gynem\u0171 \u00e9s a t\u00f6r\u00f6lk\u00f6z\u0151k heti cser\u00e9je biztos\u00edtott.<\/p>\n\n\n\n<p>\u00c9RKEZ\u00c9SKOR A Vend\u00e9g k\u00f6teles a sz\u00e1ll\u00e1sad\u00f3nak \u00e1tadni, adatfelv\u00e9tel miatt a szem\u00e9lyes dokumentumait (\u00datlev\u00e9l vagy szem\u00e9lyi igazolv\u00e1ny, lakc\u00edm k\u00e1rtya) \u00e9s a helysz\u00ednen fizetend\u0151 \u00f6sszeget, mely 5 % \u00c1FA-t (c\u00e9g eset\u00e9n&nbsp; nev\u00e9re ki\u00e1llitott sz\u00e1mla eset\u00e9n) \u00e9s IFA-t is tartalmaz.<\/p>\n\n\n\n<p>Az \u00fczemeltet\u0151 kijelenti, hogy a vend\u00e9gek adatait nem haszn\u00e1lja fel, m\u00e1s c\u00e9lb\u00f3l, az adatokat nem t\u00e1rolja nyomtatott form\u00e1ban, csak a sz\u00e1m\u00edt\u00f3g\u00e9pen t\u00e1rolt adatok is addig t\u00e1rol\u00f3dnak, am\u00edg a reklam\u00e1ci\u00f3 lehet\u0151s\u00e9ge el nem \u00e9v\u00fcl.<\/p>\n\n\n\n<p>A Horv\u00e1th H\u00e1z k\u00e9t sz\u00edntes, k\u00fcl\u00f6n bej\u00e1rat\u00fa, k\u00e9t lak\u00e1ssal, rendelkezik, 8-8 f\u0151 r\u00e9sz\u00e9re.<\/p>\n\n\n\n<p>Vend\u00e9geink a lak\u00e1st, csak a teljes r\u00e9szv\u00e9teli d\u00edj kifizet\u00e9se ut\u00e1n foglalhatj\u00e1k el.<\/p>\n\n\n\n<p>A teljes r\u00e9szv\u00e9teli d\u00edj alatt az el\u0151re lefoglalt napokat \u00e9rtj\u00fck, abban az esetben, ha \u00fagy d\u00f6nt vagy d\u00f6ntenek, hogy az itt&nbsp; tart\u00f3zkod\u00e1st el\u0151bb szak\u00edtj\u00e1k meg, NEM \u00c1LL M\u00d3DUNKBAN P\u00c9NZT VISSZAFIZETNI!<\/p>\n\n\n\n<p>Vend\u00e9geink \u00e9rkez\u00e9skor, a bejentkez\u00e9st k\u00f6vet\u0151en lak\u00e1s \u00e9s bej\u00e1rat kulcsot kapnak, hogy szabadon k\u00f6zlekedhessenek, maguk ut\u00e1n minden sz\u00e1ll\u00e1selhagy\u00e1s alkalm\u00e1val a Nyaral\u00f3h\u00e1zat z\u00e1rva hagyj\u00e1k el! T\u00e1voz\u00e1s napj\u00e1n, k\u00e9rj\u00fck a kulcsot, az \u00fczemeltet\u0151nek \u00e1tadni!<\/p>\n\n\n\n<p>K\u00e9rj\u00fck a kulcsokra nagyon vigy\u00e1zzanak, elveszt\u00e9s vagy elt\u00f6r\u00e9s eset\u00e9n 10.000.-Ft fizetend\u0151.<\/p>\n\n\n\n<p><strong>A SZ\u00c1LL\u00c1SHELYEN A VEND\u00c9G l\u00e1togat\u00f3kat csak napk\u00f6zben fogadhat a sz\u00e1ll\u00e1sad\u00f3 enged\u00e9ly\u00e9vel. A csendrendeletre \u00e9s a t\u00f6bbi vend\u00e9g\u00fcnkre val\u00f3 tekintette k\u00e9rj\u00fck, hogy mindenf\u00e9le zajos tev\u00e9kenys\u00e9get legyenek sz\u00edvesek mell\u0151zni, ez vonatkozik az \u00e9jszakai illetve hajnali haza\u00e9rkez\u00e9sre is.<\/strong><\/p>\n\n\n\n<ul class=\"wp-block-list\">\n<li>K\u00e9rj\u00fck \u00f3vj\u00e1k a berendez\u00e9seket \u00e9s a Nyaral\u00f3h\u00e1z berendez\u00e9si t\u00e1rgyait \u00e9s azokat rendeltet\u00e9sszer\u0171en haszn\u00e1lj\u00e1k! A szob\u00e1k berendez\u00e9seit \u00e9s felszerel\u00e9seit a h\u00e1zb\u00f3l kivinni tilos, k\u00fcl\u00f6n\u00f6s tekintettel a t\u00f6r\u00fclk\u00f6z\u0151ket, p\u00e1rn\u00e1kat, takar\u00f3kat, pl\u00e9deket, \u00e1gynem\u0171t\u2026.!<\/li>\n\n\n\n<li>T\u00e1voz\u00e1skor az esetleges k\u00e1rok okoz\u00e1sa eset\u00e9n, az ebb\u0151l ered\u0151 k\u00f6lts\u00e9geket a vend\u00e9g k\u00f6teles a helysz\u00ednen megt\u00e9r\u00edteni.<\/li>\n\n\n\n<li>Minden h\u00e1ztart\u00e1sban, \u00edgy a Nyaral\u00f3h\u00e1zban is el\u0151fordulhat, hogy a vend\u00e9g hib\u00e1j\u00e1n k\u00edv\u00fcl valami meghib\u00e1sodik, t\u00f6nkre megy. A nagyobb k\u00e1rok elker\u00fcl\u00e9se \u00e9rdek\u00e9ben sz\u00edveskedjenek ezt fel\u00e9nk jelezni!<\/li>\n\n\n\n<li>A Nyaral\u00f3h\u00e1z j\u00f3l felszerelt konyh\u00e1kkal rendelkezik, ahol lehet\u0151s\u00e9g van egyszer\u0171 \u00e9telek elk\u00e9sz\u00edt\u00e9s\u00e9re. A mikrohull\u00e1m\u00fa s\u00fct\u0151be, k\u00e9rj\u00fck ne tegyenek f\u00e9met tartalmaz\u00f3 t\u00e1rgyat.<\/li>\n\n\n\n<li>A lak\u00e1sokat a Vend\u00e9gek tiszt\u00e1n, kitakar\u00edtva veszik \u00e1t. Ottl\u00e9t\u00fck alatt takar\u00edt\u00e1st nem v\u00e9gz\u00fcnk, csak k\u00fcl\u00f6n k\u00e9r\u00e9sre, d\u00edj ellen\u00e9ben.<\/li>\n\n\n\n<li>A Nyaral\u00f3h\u00e1z fels\u0151 szintj\u00e9n, h\u0171t\u0151 &#8211; f\u0171t\u0151 l\u00e9gkondicion\u00e1l\u00f3 berendez\u00e9s ker\u00fclt beszerel\u00e9sre!\u00a0 \u00dczemeltet\u00e9se k\u00fcl\u00f6n k\u00f6lts\u00e9g, megfizet\u00e9se ellen\u00e9ben lehets\u00e9ges!<\/li>\n\n\n\n<li>A bogr\u00e1csoz\u00f3t \u00e9s grillez\u0151t haszn\u00e1lat ut\u00e1n k\u00e9rj\u00fck tiszt\u00e1n hagyni!<\/li>\n\n\n\n<li>A szemetet m\u00e9g nem szelekt\u00edven gy\u0171jtj\u00fck, ez\u00e9rt k\u00e9rj\u00fck a hullad\u00e9kot a megfelel\u0151 helyre. a szobai, f\u00fcrd\u0151szobai szem\u00e9tt\u00e1rol\u00f3k tartalm\u00e1t , az udvaron &nbsp;kihelyezett szem\u00e9tgy\u00fcjt\u0151 ed\u00e9nyben helyezz\u00e9k&nbsp; el.<\/li>\n\n\n\n<li>Minden h\u00e9tf\u0151n-szerd\u00e1n \u00e9s p\u00e9nteken este 6 ut\u00e1n sz\u00e1ll\u00edtj\u00e1k el a szemetesek a kapu el\u00e9, kihelyezett szem\u00e9tgy\u00fcjt\u0151 ed\u00e9ny tartalm\u00e1t, melyet k\u00e9r\u00fcnk figyelembe venni \u00e9s az ed\u00e9nyeket telitetts\u00e9g\u00fck f\u00fcggv\u00e9ny\u00e9ben, kihelyezni.<\/li>\n\n\n\n<li>K\u00e9rj\u00fck vend\u00e9geinket, hogy a szob\u00e1kban ne \u00e9tkezzenek, \u00e9tkez\u00e9sre haszn\u00e1lj\u00e1k a konyh\u00e1t, illetve a teraszon elhelyezett m\u0171anyag b\u00fator adta lehet\u0151s\u00e9geket, melyet k\u00e9rj\u00fck tartsanak tiszt\u00e1n.<\/li>\n\n\n\n<li>Mindenki k\u00f6teles maga ut\u00e1n elmosni a haszn\u00e1lt ed\u00e9nyeket, ev\u0151eszk\u00f6z\u00f6ket!<\/li>\n\n\n\n<li>A Nyaral\u00f3h\u00e1z elhagy\u00e1sakor minden esetben z\u00e1rj\u00e1k el a vizet, villanyt, kl\u00edm\u00e1t!<\/li>\n\n\n\n<li>Kis\u00e1llatot, h\u00e1zikedvencet a sz\u00e1ll\u00e1s ter\u00fclet\u00e9re lehet hozni 3000.-Ft\/\u00e9jszaka\/kis\u00e1llalat 8 kg tests\u00falyig. 8 kg feletti tests\u00faly eset\u00e9n 6000.-Ft\/\u00e9jszaka\/\u00e1llat.<\/li>\n\n\n\n<li>A vend\u00e9g&nbsp; felel\u0151s a saj\u00e1t \u00e9s h\u00e1zi kedvence viselked\u00e9s\u00e9\u00e9rt a h\u00e1zban, az udvaron egyar\u00e1nt.<\/li>\n\n\n\n<li>Az esetleges baleset\u00e9rt, k\u00e1rok\u00e9rt maga a vend\u00e9g viseli a k\u00f6vetkezm\u00e9nyeket, az okozott k\u00e1rt k\u00f6teles megt\u00e9r\u00edteni.<\/li>\n\n\n\n<li>A hat\u00e1lyos jogszab\u00e1lyok \u00e9rtelm\u00e9ben (<a href=\"https:\/\/www.fullhouseapartman.hu\/vendeg-regisztracio\">Vend\u00e9g t\u00e1j\u00e9koztat\u00e1sa szem\u00e9lyes adatok k\u00f6telez\u0151 r\u00f6gz\u00edt\u00e9s\u00e9r\u0151l<\/a>&nbsp;) 2021. szeptember 1-j\u00e9t k\u00f6vet\u0151en Magyarorsz\u00e1gon sz\u00e1ll\u00e1shely-szolg\u00e1ltat\u00e1st ig\u00e9nybe vev\u0151 minden vend\u00e9g t\u00f6rv\u00e9nyben meghat\u00e1rozott szem\u00e9lyes adatait a sz\u00e1ll\u00e1shely-szolg\u00e1ltat\u00f3 okm\u00e1nyolvas\u00f3n kereszt\u00fcl, a sz\u00e1ll\u00e1shelykezel\u0151 szoftver\u00e9ben r\u00f6gz\u00edteni, majd egy t\u00e1rhelyre, a Vend\u00e9g Inform\u00e1ci\u00f3s Z\u00e1rt Adatb\u00e1zisba (VIZA) tov\u00e1bb\u00edtani k\u00f6teles.<\/li>\n\n\n\n<li><strong>A doh\u00e1nyz\u00e1s \u00e9s a ny\u00edlt l\u00e1ng haszn\u00e1lata az \u00e9p\u00fcleten bel\u00fcl szigor\u00faan TILOS! Az elektromos cigarett\u00e1ra \u00e9s IQOS-ra is vonatkozik!<\/strong>&nbsp;Doh\u00e1nyozni a teraszon&nbsp; lehets\u00e9ges! Tisztelettel megk\u00e9rj\u00fck doh\u00e1nyz\u00f3 Vend\u00e9geinket, hogy a tisztas\u00e1g fenntart\u00e1sa \u00e9rdek\u00e9ben a Nyaral\u00f3h\u00e1z teljes ter\u00fclet\u00e9n a csikkeket ne sz\u00f3rj\u00e1k el, hanem azokat \u00f6sszegy\u0171jtve a teraszon tal\u00e1lhat\u00f3 &nbsp;hamutart\u00f3kban helyezz\u00e9k el. <strong>F\u00fcstjelz\u0151 a nappaliban ker\u00fclt elhelyez\u00e9sre, a sz\u00e9n-<\/strong>monoxid m\u00e9r\u0151 a konyh\u00e1ban.<\/li>\n\n\n\n<li><strong>A lak\u00e1sokba tilos bevinni b\u00e1rmif\u00e9le gy\u00fal\u00e9kony anyagot, eszk\u00f6zt.<\/strong><\/li>\n\n\n\n<li>A sz\u00e1ll\u00e1s ter\u00fclet\u00e9n okozott k\u00e1rt a k\u00e1rokoz\u00f3, vagy annak t\u00f6rv\u00e9nyes k\u00e9pvisel\u0151je k\u00f6teles megt\u00e9r\u00edteni.<\/li>\n<\/ul>\n\n\n\n<h2 class=\"wp-block-heading\">\u00b7&nbsp;&nbsp;&nbsp;&nbsp;&nbsp;&nbsp; <strong>Tilos a k\u00fclt\u00e9ren b\u00e1rminem\u0171 hangtechnikai eszk\u00f6z (pl. hangfal) \u00fczemeltet\u00e9se!<\/strong><\/h2>\n\n\n\n<ul class=\"wp-block-list\">\n<li>A sz\u00e1ll\u00e1sad\u00f3 fenntartja a jogot, hogy a botr\u00e1nyosan viselked\u0151, agressz\u00edv, a h\u00e1zirendet be nem tart\u00f3 vend\u00e9geket nem fogadja, illetve felsz\u00f3l\u00edtja a sz\u00e1ll\u00e1sr\u00f3l t\u00f6rt\u00e9n\u0151 azonnali t\u00e1voz\u00e1sra.<\/li>\n\n\n\n<li>Nyaral\u00f3h\u00e1zunk \u00f6nell\u00e1t\u00f3, \u00e9tkez\u00e9st nem tudunk biztos\u00edtani.<\/li>\n\n\n\n<li>\u00c1ltal\u00e1nosan rendelkez\u00e9sre \u00e1llnak: WC pap\u00edr, foly\u00e9kony szappan, mosogat\u00f3szer, mosogat\u00f3szivacs, konyharuha,&nbsp; alapvet\u0151 f\u0171szerek, &nbsp;k\u00e1v\u00e9f\u0151z\u0151, mikr\u00f3hull\u00e1m\u00fa s\u00fct\u0151, pirit\u00f3s s\u00fct\u0151, f\u0171szerek,cukor, s\u00f3, tea filter, citroml\u00e9, hajsz\u00e1r\u00edt\u00f3, vasal\u00f3, \u00e1gynem\u0171, t\u00f6r\u00f6lk\u00f6z\u0151, f\u00fcrd\u0151szobai k\u00e9zt\u00f6rl\u0151, kil\u00e9p\u0151, f\u00fcrd\u0151szobai tiszt\u00e1lkod\u00f3 szett, ruha sz\u00e1r\u00edt\u00f3, vasal\u00f3 \u00e9s vasal\u00f3\u00e1llv\u00e1ny (mindenki saj\u00e1t felel\u0151ss\u00e9g\u00e9re hasz\u00e1lja), eserny\u0151 \u00e9s eserny\u0151t\u00e1rol\u00f3, varr\u00f3k\u00e9szlet, cip\u0151\u00e1pol\u00f3 kell\u00e9kek biztos\u00edtottak a nappaliban tal\u00e1lhat\u00f3 sarokszekr\u00e9nyben. Ker\u00e9kp\u00e1rok, ker\u00e9kp\u00e1rt\u00e1rol\u00f3. Itt tart\u00f3zkod\u00e1suk alatt \u00d6n\u00f6k p\u00f3tolj\u00e1k sz\u00fcks\u00e9gleteiket.<\/li>\n\n\n\n<li>A szob\u00e1kban okos TV, Internet hozz\u00e1f\u00e9r\u00e9s, WIFI, t\u00e1vir\u00e1ny\u00edt\u00f3 tal\u00e1lhat\u00f3. Idegen nyelv\u0171 csatorn\u00e1k k\u00f6z\u00fcl is lehet v\u00e1logatni. A WIFI jelsz\u00f3 \u00e9rkez\u00e9skor megoszt\u00e1sra ker\u00fcl. Az eszk\u00f6z\u00f6k rendeltet\u00e9sszer\u0171 haszn\u00e1lat\u00e1t k\u00e9rj\u00fck betartani.<\/li>\n<\/ul>\n\n\n\n<p>A lak\u00e1sban hagyott szem\u00e9lyes t\u00e1rgyak\u00e9rt felel\u0151ss\u00e9get nem v\u00e1llalunk.<\/p>\n\n\n\n<ul class=\"wp-block-list\">\n<li>Parkol\u00e1si lehet\u0151s\u00e9g az udvarban.<\/li>\n\n\n\n<li>Az \u00fczemeltet\u0151nek jog\u00e1ban \u00e1ll lemondani a sz\u00e1ll\u00e1st, ha a vend\u00e9g nem tartja be a h\u00e1zirendet \u00e9s ha megbontja a b\u00e9k\u00e9t. Ebben az esetben a vend\u00e9gnek nem \u00e1ll m\u00f3dunkban visszafizetni az esetlegesen fennmarad\u00f3 napokat!<\/li>\n<\/ul>\n\n\n\n<p>K\u00f6z\u00e9rdek\u0171 telefonsz\u00e1mok:<\/p>\n\n\n\n<ul class=\"wp-block-list\">\n<li>Ment\u0151k:104<ul><li>T\u0171zolt\u00f3k: 105<\/li><\/ul><ul><li>Rend\u0151rs\u00e9g:107<\/li><\/ul>\n<ul class=\"wp-block-list\">\n<li>Seg\u00e9lyk\u00e9r\u00e9s:112<\/li>\n<\/ul>\n<\/li>\n<\/ul>\n\n\n\n<p><strong>A sz\u00e1ll\u00e1s ig\u00e9nybev\u00e9tel\u00e9vel mag\u00e1t\u00f3l \u00e9rtet\u0151dik, hogy a Vend\u00e9g elolvasta, meg\u00e9rtette, \u00e9s elfogadta a h\u00e1zirendben foglaltakat!<\/strong><\/p>\n\n\n\n<p><strong>J\u00f3 pihen\u00e9st, kellemes id\u0151t\u00f6lt\u00e9st k\u00edv\u00e1n a h\u00e1zigazda: HORV\u00c1TH IMRE 30&nbsp;227 3272<\/strong><\/p>\n\n\n\n<p><strong>\u00e9s az \u00fczemeltet\u0151: HORV\u00c1TH IMR\u00c9N\u00c9 30&nbsp;277 5322<\/strong><\/p>\n","protected":false},"excerpt":{"rendered":"<p>Vend\u00e9gh\u00e1z c\u00edme: 8846 BALATONFENYVES, EL\u0150D u.13. \u00dczemeltet\u0151: Horv\u00e1th Imr\u00e9n\u00e9 Tulajdonos: Horv\u00e1th Imre Kapcsolat az \u00fczemeltet\u0151vel: n\u00e9v: Horv\u00e1th Imr\u00e9n\u00e9 telefon: 30&nbsp;277 5322 e-mail: himre999@gmail.com&nbsp; Honlap: www.balatonfenyves-horvath.hu wifi jelsz\u00f3:&nbsp; N51JG13F4G5 \u00dczemeltet\u00e9si adatok Ad\u00f3sz\u00e1m: 55220088-1-40 NTAK: MA19018005&nbsp; Kedves Vend\u00e9geink! Mi azon f\u00e1radozunk, hogy \u00d6n\u00f6k pihen\u00e9s\u00fck ideje alatt j\u00f3l \u00e9rezhess\u00e9k magukat n\u00e1lunk! Ha ezen t\u00f6rekv\u00e9s\u00fcnk ellen\u00e9re b\u00e1rmi zavar\u00f3 t\u00e9nyez\u0151t [&hellip;]<\/p>\n","protected":false},"author":1,"featured_media":0,"parent":0,"menu_order":0,"comment_status":"closed","ping_status":"closed","template":"","meta":{"site-sidebar-layout":"default","site-content-layout":"","ast-site-content-layout":"default","site-content-style":"default","site-sidebar-style":"default","ast-global-header-display":"","ast-banner-title-visibility":"","ast-main-header-display":"","ast-hfb-above-header-display":"","ast-hfb-below-header-display":"","ast-hfb-mobile-header-display":"","site-post-title":"","ast-breadcrumbs-content":"","ast-featured-img":"","footer-sml-layout":"","ast-disable-related-posts":"","theme-transparent-header-meta":"","adv-header-id-meta":"","stick-header-meta":"","header-above-stick-meta":"","header-main-stick-meta":"","header-below-stick-meta":"","astra-migrate-meta-layouts":"set","ast-page-background-enabled":"default","ast-page-background-meta":{"desktop":{"background-color":"var(--ast-global-color-4)","background-image":"","background-repeat":"repeat","background-position":"center center","background-size":"auto","background-attachment":"scroll","background-type":"","background-media":"","overlay-type":"","overlay-color":"","overlay-opacity":"","overlay-gradient":""},"tablet":{"background-color":"","background-image":"","background-repeat":"repeat","background-position":"center center","background-size":"auto","background-attachment":"scroll","background-type":"","background-media":"","overlay-type":"","overlay-color":"","overlay-opacity":"","overlay-gradient":""},"mobile":{"background-color":"","background-image":"","background-repeat":"repeat","background-position":"center center","background-size":"auto","background-attachment":"scroll","background-type":"","background-media":"","overlay-type":"","overlay-color":"","overlay-opacity":"","overlay-gradient":""}},"ast-content-background-meta":{"desktop":{"background-color":"var(--ast-global-color-5)","background-image":"","background-repeat":"repeat","background-position":"center center","background-size":"auto","background-attachment":"scroll","background-type":"","background-media":"","overlay-type":"","overlay-color":"","overlay-opacity":"","overlay-gradient":""},"tablet":{"background-color":"var(--ast-global-color-5)","background-image":"","background-repeat":"repeat","background-position":"center center","background-size":"auto","background-attachment":"scroll","background-type":"","background-media":"","overlay-type":"","overlay-color":"","overlay-opacity":"","overlay-gradient":""},"mobile":{"background-color":"var(--ast-global-color-5)","background-image":"","background-repeat":"repeat","background-position":"center center","background-size":"auto","background-attachment":"scroll","background-type":"","background-media":"","overlay-type":"","overlay-color":"","overlay-opacity":"","overlay-gradient":""}},"footnotes":""},"class_list":["post-649","page","type-page","status-publish","hentry"],"_links":{"self":[{"href":"http:\/\/www.balatonfenyves-horvath.hu\/index.php\/wp-json\/wp\/v2\/pages\/649","targetHints":{"allow":["GET"]}}],"collection":[{"href":"http:\/\/www.balatonfenyves-horvath.hu\/index.php\/wp-json\/wp\/v2\/pages"}],"about":[{"href":"http:\/\/www.balatonfenyves-horvath.hu\/index.php\/wp-json\/wp\/v2\/types\/page"}],"author":[{"embeddable":true,"href":"http:\/\/www.balatonfenyves-horvath.hu\/index.php\/wp-json\/wp\/v2\/users\/1"}],"replies":[{"embeddable":true,"href":"http:\/\/www.balatonfenyves-horvath.hu\/index.php\/wp-json\/wp\/v2\/comments?post=649"}],"version-history":[{"count":3,"href":"http:\/\/www.balatonfenyves-horvath.hu\/index.php\/wp-json\/wp\/v2\/pages\/649\/revisions"}],"predecessor-version":[{"id":774,"href":"http:\/\/www.balatonfenyves-horvath.hu\/index.php\/wp-json\/wp\/v2\/pages\/649\/revisions\/774"}],"wp:attachment":[{"href":"http:\/\/www.balatonfenyves-horvath.hu\/index.php\/wp-json\/wp\/v2\/media?parent=649"}],"curies":[{"name":"wp","href":"https:\/\/api.w.org\/{rel}","templated":true}]}}