{"id":647,"date":"2023-12-19T13:53:11","date_gmt":"2023-12-19T13:53:11","guid":{"rendered":"http:\/\/www.balatonfenyves-horvath.hu\/?page_id=647"},"modified":"2023-12-19T13:53:11","modified_gmt":"2023-12-19T13:53:11","slug":"altalanos-szerzodesi-feltetelek","status":"publish","type":"page","link":"http:\/\/www.balatonfenyves-horvath.hu\/index.php\/altalanos-szerzodesi-feltetelek\/","title":{"rendered":"\u00c1ltal\u00e1nos szerz\u0151d\u00e9si felt\u00e9telek"},"content":{"rendered":"\n<p><strong>\u00c1LTAL\u00c1NOS SZERZ\u0150D\u00c9SI FELT\u00c9TELEK<\/strong><\/p>\n\n\n\n<p>Az \u00c1ltal\u00e1nos Szerz\u0151d\u00e9si Felt\u00e9telek r\u00f6gz\u00edtik&nbsp;<strong>a HORV\u00c1TH H\u00c1Z<\/strong>&nbsp;sz\u00e1ll\u00e1shely szolg\u00e1ltat\u00e1sinak felt\u00e9teleit.<\/p>\n\n\n\n<p><strong>\u00dczemeltet\u0151, szolg\u00e1ltat\u00e1st v\u00e9gz\u0151 neve:<\/strong>&nbsp;Horv\u00e1th Imr\u00e9n\u00e9, mag\u00e1nszem\u00e9ly<\/p>\n\n\n\n<p><strong>\u00dczemeltet\u0151 sz\u00e9khelye<\/strong>: 8831 Nagykanizsa, Szentendrei utca 9\/C<\/p>\n\n\n\n<p><strong>Sz\u00e1ll\u00e1shely c\u00edme<\/strong>: 8846 Balatonfenyves, El\u0151d utca 13.<\/p>\n\n\n\n<p><strong>Ad\u00f3sz\u00e1m<\/strong>: 55220088-1-40<\/p>\n\n\n\n<p><strong>Banksz\u00e1mlasz\u00e1m HUF:&nbsp;11773494-13068019-00000000<\/strong><\/p>\n\n\n\n<p><strong>NTAK sz\u00e1m:<\/strong>&nbsp;MA19018005<\/p>\n\n\n\n<p>Szolg\u00e1ltat\u00f3 el\u00e9rhet\u0151s\u00e9gei, kapcsolattart\u00f3: Horv\u00e1th Imr\u00e9n\u00e9, telefon: +36 30&nbsp;277 5322, e-mail: <a href=\"mailto:himre999@gmail.com\">himre999@gmail.com<\/a><\/p>\n\n\n\n<p>Szerz\u0151d\u0151 felek V\u00e1s\u00e1rl\u00f3\/Vend\u00e9g: a sz\u00e1ll\u00e1shely szolg\u00e1ltat\u00e1s\u00e1t ig\u00e9nybe vev\u0151, aki a sz\u00e1ll\u00e1sfoglal\u00e1si rendszereken (<a href=\"http:\/\/www.booking.com\">www.booking.com<\/a>, Sz\u00e1ll\u00e1s.hu, Holiday, a sz\u00e1ll\u00e1shely honlapja: <a href=\"http:\/\/www.balatonfenyves-horvath.hu\">www.balatonfenyves-horvath.hu<\/a> vagy k\u00f6z\u00f6ss\u00e9gi m\u00e9dia oldalak, Facebook sz\u00e1ll\u00e1skeres\u0151 csoportok) kereszt\u00fcl illetve a Szolg\u00e1ltat\u00f3n\u00e1l a sz\u00e1ll\u00e1shely e-mail c\u00edm\u00e9n kereszt\u00fcl \u00edr\u00e1sban szolg\u00e1ltat\u00e1st v\u00e1s\u00e1rl\u00f3 szem\u00e9ly, aki az \u00c1SZF-et tudom\u00e1sul veszi \u00e9s mag\u00e1ra n\u00e9zve is k\u00f6telez\u0151nek fogadja el, tov\u00e1bbiakban Vend\u00e9g.<\/p>\n\n\n\n<p>Szolg\u00e1ltat\u00f3: HORV\u00c1TH H\u00c1Z, Horv\u00e1th Imr\u00e9n\u00e9, tov\u00e1bbiakban Szolg\u00e1ltat\u00f3, levelez\u00e9si c\u00edm: <a href=\"mailto:himre999@gmail.com\">himre999@gmail.com<\/a> telefon: +36 30&nbsp;277 5322<\/p>\n\n\n\n<ol class=\"wp-block-list\" start=\"1\">\n<li>\u00c1ltal\u00e1nos Szerz\u0151d\u00e9si Felt\u00e9telek c\u00e9lja: az \u00c1ltal\u00e1nos Szerz\u0151d\u00e9si Felt\u00e9telek (\u00c1SZF) Szolg\u00e1ltat\u00f3 \u00e9s a vele szerz\u0151d\u00e9ses kapcsolatba l\u00e9p\u0151 Vend\u00e9g k\u00f6z\u00f6tt l\u00e9trej\u00f6v\u0151 jogviszony \u00e1ltal\u00e1nos felt\u00e9teleit tartalmazza. Az itt nem szab\u00e1lyozott k\u00e9rd\u00e9seket illet\u0151en Szolg\u00e1ltat\u00f3 tev\u00e9kenys\u00e9g\u00e9re vonatkoz\u00f3 mindenkor hat\u00e1lyos magyar jogszab\u00e1lyok \u00e9s hat\u00f3s\u00e1gi el\u0151\u00edr\u00e1sok, valamint a Polg\u00e1ri T\u00f6rv\u00e9nyk\u00f6nyvben foglalt rendelkez\u00e9sek k\u00fcl\u00f6n kik\u00f6t\u00e9s n\u00e9lk\u00fcl ir\u00e1nyad\u00f3ak.<\/li>\n\n\n\n<li>Szerz\u0151d\u00e9si Felt\u00e9telek elfogad\u00e1sa: a Szerz\u0151d\u00e9si Felt\u00e9telek Vend\u00e9g \u00e1ltal t\u00f6rt\u00e9n\u0151 elfogad\u00e1sa a v\u00e1s\u00e1rl\u00e1s, illetve szolg\u00e1ltat\u00e1s ig\u00e9nybev\u00e9tel\u00e9nek el\u0151felt\u00e9tele. A Felt\u00e9telek elfogad\u00e1s\u00e1nak min\u0151s\u00fcl, ha Vend\u00e9g a Szolg\u00e1ltat\u00f3 \u00e1ltal ny\u00fajtott szolg\u00e1ltat\u00e1st ig\u00e9nybe veszi.<\/li>\n\n\n\n<li>Szerz\u0151d\u00e9si Felt\u00e9telek hat\u00e1lya: Szolg\u00e1ltat\u00f3 fenntartja a jogot, hogy az \u00c1ltal\u00e1nos Szerz\u0151d\u00e9si Felt\u00e9teleket r\u00e9szben vagy eg\u00e9szben b\u00e1rmikor m\u00f3dos\u00edthatja. Az \u00c1SZF mindaddig hat\u00e1lyban marad, am\u00edg Szolg\u00e1ltat\u00f3 szolg\u00e1ltat\u00e1st biztos\u00edtja. Jelen \u00c1SZF 2023. november 1-t\u0151l hat\u00e1rozatlan ideig hat\u00e1lyos.<\/li>\n\n\n\n<li>A szolg\u00e1ltat\u00e1s ter\u00fcleti hat\u00e1lya: Szolg\u00e1ltat\u00f3 \u00e1ltal \u00fczemeltetett szolg\u00e1ltat\u00e1s mind belf\u00f6ldr\u0151l, mind k\u00fclf\u00f6ldr\u0151l el\u00e9rhet\u0151.<\/li>\n\n\n\n<li>Szerz\u0151d\u00e9ses fogalmak: V\u00e1s\u00e1rl\u00f3\/Vend\u00e9g: A sz\u00e1ll\u00e1shely szolg\u00e1ltat\u00e1s\u00e1t ig\u00e9nybe vev\u0151, a sz\u00e1ll\u00e1sfoglal\u00e1si rendszereken \u00e9s a honlapon kereszt\u00fcl szolg\u00e1ltat\u00e1st v\u00e1s\u00e1rl\u00f3 szem\u00e9ly, aki az \u00c1SZF-et tudom\u00e1sul veszi \u00e9s mag\u00e1ra n\u00e9zve is k\u00f6telez\u0151nek fogadja el, tov\u00e1bbiakban Vend\u00e9g. Szolg\u00e1ltat\u00f3: a jelen \u00c1SZF felt\u00e9telei szerint HORV\u00c1TH H\u00c1Z\/ Horv\u00e1th Imr\u00e9n\u00e9, tov\u00e1bbiakban Szolg\u00e1ltat\u00f3 A szolg\u00e1ltat\u00e1s: sz\u00e1ll\u00e1shely szolg\u00e1ltat\u00e1s. \u00c1raj\u00e1nlat: a Vend\u00e9g sz\u00f3ban, vagy \u00edr\u00e1sban megk\u00fcld\u00f6tt aj\u00e1nlatk\u00e9r\u00e9s\u00e9re a Szolg\u00e1ltat\u00f3 \u00edr\u00e1sos \u00e1raj\u00e1nlata. Amennyiben az aj\u00e1nlatk\u00e9r\u00e9st a Vend\u00e9g a sz\u00e1ll\u00e1shely weboldal\u00e1nak foglal\u00e1si rendszer\u00e9n kereszt\u00fcl \u00f6n\u00e1ll\u00f3an ind\u00edtja, \u00fagy a foglal\u00f3 \u00f6sszeg\u00e9t \u00e9s a foglal\u00e1si felt\u00e9teleket tartalmaz\u00f3 inform\u00e1ci\u00f3s v\u00e1laszlevelet a Vend\u00e9g \u00e1ltal megadott email c\u00edmre a sz\u00e1ll\u00e1shely foglal\u00e1si rendszere automatikusan gener\u00e1lja. Foglal\u00e1s: Foglal\u00e1s a Vend\u00e9g \u00edr\u00e1sban leadott foglal\u00e1s\u00e1nak a Szolg\u00e1ltat\u00f3 vagy a sz\u00e1ll\u00e1shely foglal\u00e1si rendszere \u00e1ltal \u00edr\u00e1sban megk\u00fcld\u00f6tt visszaigazol\u00e1sa, mely tartalmazza a szolg\u00e1ltat\u00e1s t\u00e1rgy\u00e1t, hely\u00e9t, id\u0151tartam\u00e1t \u00e9s \u00e1r\u00e1t, valamint a foglal\u00e1s v\u00e9gleges\u00edt\u00e9s\u00e9hez sz\u00fcks\u00e9ges, a teljes sz\u00e1ll\u00e1sk\u00f6lts\u00e9g megfizet\u00e9s\u00e9re vonatkoz\u00f3 adatokat. Foglal\u00e1s v\u00e9gleges\u00edt\u00e9s, \u00e9rv\u00e9nyes\u00edt\u00e9s: A foglal\u00e1sban meghat\u00e1rozott foglal\u00f3 megfizet\u00e9se a foglal\u00e1s biztos\u00edt\u00e1sa \u00e9rdek\u00e9ben. A Foglal\u00e1s a foglal\u00f3 megfizet\u00e9s\u00e9t k\u00f6vet\u0151en j\u00f6n l\u00e9tre, \u00e9s \u00edgy \u00edr\u00e1sban megk\u00f6t\u00f6tt Szerz\u0151d\u00e9snek min\u0151s\u00fcl, \u00e9s egyben az \u00c1SZF \u00e9s a Foglal\u00e1si \u00e9s Lemond\u00e1si Felt\u00e9telek automatikus elfogad\u00e1s\u00e1t jelenti. Fizet\u00e9si \u00e9s lemond\u00e1si felt\u00e9telek: a HORV\u00c1TH H\u00c1Z \u00e1ltal biztos\u00edtott szolg\u00e1ltat\u00e1s ellen\u00e9rt\u00e9k\u00e9nek megfizet\u00e9s\u00e9re, a foglal\u00e1s \u00e9s fizet\u00e9s m\u00f3dj\u00e1ra, \u00fctemez\u00e9s\u00e9re, a foglal\u00e1s lemond\u00e1s eset\u00e9re \u00e9s a lemond\u00e1s eset\u00e9n vissza nem t\u00e9r\u00edtend\u0151 \u00f6sszegre vonatkoz\u00f3 felt\u00e9telek meghat\u00e1roz\u00e1sa.<\/li>\n<\/ol>\n\n\n\n<ol class=\"wp-block-list\" start=\"6\">\n<li>Szolg\u00e1ltat\u00f3 az al\u00e1bbi felt\u00e9telek szerint ny\u00fajtja a szolg\u00e1ltat\u00e1st:<\/li>\n<\/ol>\n\n\n\n<p>6.1 A sz\u00e1ll\u00e1shely k\u00e9t szintes, k\u00fcl\u00f6n bej\u00e1rat\u00fa ingatlan. Als\u00f3 szinten 3 szoba, (n\u00e9gy\u00e1gyas,francia \u00e1gyas,k\u00e9t hever\u0151s), 2 f\u00fcrd\u0151szoba, konyha, nappali szoba \u00e9s nagy fedett terasz tal\u00e1lhat\u00f3. 8 f\u0151 r\u00e9sz\u00e9re alkalmas a nyaral\u00f3h\u00e1z als\u00f3 szintje. Parkol\u00e1si \u00e9s grillez\u00e9si lehet\u0151s\u00e9g az udvarban. Gyermek j\u00e1tsz\u00f3 kialak\u00edtva az udvarban.<\/p>\n\n\n\n<p>&nbsp;A k\u00fcl\u00f6n bej\u00e1rat\u00fa fels\u0151 szinten 2 db n\u00e9gy\u00e1gyas szoba, konyha, f\u00fcrd\u0151szoba, nappali szoba \u00e9s nagy terasz \u00e1rny\u00e9kol\u00f3val tal\u00e1lhat\u00f3 8 f\u0151 r\u00e9sz\u00e9re kialak\u00edtva! Parkol\u00e1si \u00e9s grillez\u00e9si lehet\u0151s\u00e9g az udvarban, egyeztetve az al\u00f3 szinti vend\u00e9gekkel. Gyermek j\u00e1tsz\u00f3 kialak\u00edtva az udvarban.<\/p>\n\n\n\n<p><strong>6.2<\/strong>. A Szolg\u00e1ltat\u00f3 nem tart\u00f3zkodik a helysz\u00ednen, a sz\u00e1ll\u00e1shely a Szolg\u00e1ltat\u00f3 otthon\u00e1t\u00f3l f\u00fcggetlen. A Vend\u00e9gek, mint Szerz\u0151d\u0151 felek, a sz\u00e1ll\u00e1shelyet, a Vend\u00e9gek sz\u00e1m\u00e1ra fenntartott fedett teraszt \u00e9s a pihen\u0151 kertet, pihen\u00e9s c\u00e9lj\u00e1b\u00f3l, saj\u00e1t felel\u0151ss\u00e9gre veszik ig\u00e9nybe.<\/p>\n\n\n\n<p><strong>6.3<\/strong>. Minden t\u0151l\u00fcnk telhet\u0151t megtesz\u00fcnk vend\u00e9geink biztons\u00e1ga \u00e9rdek\u00e9ben, felh\u00edvjuk figyelm\u00fcket az esetleges vesz\u00e9lyforr\u00e1sokra, azonban a sz\u00e1ll\u00e1shelyen \u00e9s az ingyenes parkol\u00f3ban l\u00e9v\u0151 szem\u00e9lyes vagyont\u00e1rgyaik\u00e9rt, valamint a h\u00e1z \u00e9s k\u00f6rnyezete nem rendeltet\u00e9sszer\u0171 haszn\u00e1lat\u00e1b\u00f3l ered\u0151 szem\u00e9lyi s\u00e9r\u00fcl\u00e9sek\u00e9rt, illetve a h\u00e1zban keletkezett k\u00e1rok\u00e9rt felel\u0151ss\u00e9get nem tudunk v\u00e1llalni. A Vend\u00e9g \u00e1ltal a h\u00e1zban, annak berendez\u00e9seiben, k\u00f6rnyezet\u00e9ben okozott k\u00e1rok\u00e9rt a Vend\u00e9get k\u00e1rt\u00e9r\u00edt\u00e9si felel\u0151ss\u00e9g terheli.<\/p>\n\n\n\n<p>&nbsp;<strong>6.4<\/strong>. Probl\u00e9ma eset\u00e9n el\u00e9rhet\u0151ek vagyunk a jelen \u00c1SZF-ben megadott telefonsz\u00e1mon, illetve e-mail c\u00edmen, hogy seg\u00edts\u00e9g\u00fckre lehess\u00fcnk ott tart\u00f3zkod\u00e1suk idej\u00e9n, t\u00e1voz\u00e1s ut\u00e1ni reklam\u00e1ci\u00f3t azonban nem tudunk elfogadni.<\/p>\n\n\n\n<p><strong>7<\/strong>. Aj\u00e1nlatk\u00e9r\u00e9s, illetve foglal\u00e1s menete:<\/p>\n\n\n\n<p><strong>7.1.<\/strong> A Vend\u00e9g \u00edr\u00e1sban megk\u00fcld\u00f6tt aj\u00e1nlatk\u00e9r\u00e9s\u00e9re a Szolg\u00e1ltat\u00f3 \u00e1raj\u00e1nlatot k\u00fcld. Az \u00e1raj\u00e1nlat \u00edr\u00e1sos, k\u00f6z\u00f6s megegyez\u00e9s alapj\u00e1n m\u00f3dos\u00edthat\u00f3. Az \u00e1raj\u00e1nlatra t\u00f6rt\u00e9n\u0151 v\u00e1lasz hi\u00e1ny\u00e1ban az \u00e1raj\u00e1nlat 2 napos t\u00fcrelmi id\u0151 ut\u00e1n t\u00f6rl\u00e9sre ker\u00fcl.<\/p>\n\n\n\n<p><strong>7.2<\/strong>. A foglal\u00e1s a Vend\u00e9g \u00edr\u00e1sban leadott foglal\u00e1s\u00e1nak a Szolg\u00e1ltat\u00f3 \u00e1ltali \u00edr\u00e1sban megk\u00fcld\u00f6tt visszaigazol\u00e1s\u00e1val, a teljes sz\u00e1ll\u00e1sk\u00f6lts\u00e9g 30 %-\u00e1nak megfizet\u00e9s\u00e9t k\u00f6vet\u0151en j\u00f6n l\u00e9tre, \u00e9s \u00edgy \u00edr\u00e1sban megk\u00f6t\u00f6tt Szerz\u0151d\u00e9snek min\u0151s\u00fcl, \u00e9s egyben a Foglal\u00e1si \u00e9s Lemond\u00e1si Felt\u00e9telek \u00e9s az \u00c1SZF elfogad\u00e1s\u00e1t jelenti. A szolg\u00e1ltat\u00e1s ingyenes lemond\u00e1s\u00e1ra az \u00e9rkez\u00e9st megel\u0151z\u0151 14 napon t\u00fal van lehet\u0151s\u00e9g, ebben az esetben a Szolg\u00e1ltat\u00f3 a Vend\u00e9g \u00e1ltal befizetett foglal\u00f3 teljes \u00f6sszeg\u00e9t Vend\u00e9g r\u00e9sz\u00e9re visszafizeti. A Vend\u00e9g elfogadja, hogy ezen hat\u00e1rid\u0151n t\u00fal (teh\u00e1t \u00e9rkez\u00e9st megel\u0151z\u0151 14 napon bel\u00fcl) lemondott foglal\u00e1sra, a foglal\u00e1s \u00e9rv\u00e9nyes\u00edt\u00e9sekor el\u0151zetesen befizetett foglal\u00e1si \u00f6sszeget a szolg\u00e1ltat\u00f3 nem t\u00e9r\u00edti vissza Vend\u00e9g r\u00e9sz\u00e9re.<\/p>\n\n\n\n<p><strong>7.3<\/strong>. A sz\u00f3ban leadott foglal\u00e1s, meg\u00e1llapod\u00e1s, m\u00f3dos\u00edt\u00e1s, vagy annak a Szolg\u00e1ltat\u00f3 \u00e1ltali sz\u00f3beli visszaigazol\u00e1sa nem szerz\u0151d\u00e9s \u00e9rt\u00e9k\u0171.<\/p>\n\n\n\n<p><strong>7.4<\/strong>. A Szerz\u0151d\u00e9s tartalma kiterjed a szolg\u00e1ltat\u00e1s t\u00e1rgy\u00e1ra, hely\u00e9re, id\u0151tartam\u00e1ra, \u00e1r\u00e1ra, valamint a Foglal\u00e1si \u00e9s Lemond\u00e1si Felt\u00e9telekre, illetve a vonatkoz\u00f3 \u00c1SZF-re.<\/p>\n\n\n\n<p>&nbsp;<strong>7.5<\/strong>. A Szerz\u0151d\u00e9s m\u00f3dos\u00edt\u00e1s\u00e1hoz, kieg\u00e9sz\u00edt\u00e9s\u00e9hez a felek \u00e1ltali \u00edr\u00e1sos meg\u00e1llapod\u00e1s sz\u00fcks\u00e9ges. M\u00e1r v\u00e9gleges\u00edtett \u00e9s visszaigazolt foglal\u00e1s m\u00e1s d\u00e1tumra t\u00f6rt\u00e9n\u0151 \u00e1thelyez\u00e9s\u00e9re, vagy a l\u00e9tsz\u00e1m m\u00f3dos\u00edt\u00e1s\u00e1ra a szabad kapacit\u00e1s f\u00fcggv\u00e9ny\u00e9ben \u00e9s a Lemond\u00e1si lehet\u0151s\u00e9gek \u2013 ben r\u00e9szletezett m\u00f3don van lehet\u0151s\u00e9g.<\/p>\n\n\n\n<p><strong>7.6<\/strong>. A Szolg\u00e1ltat\u00f3 sz\u00e1ll\u00e1shely a meghirdetett \u00e1rait, \u2013 kiv\u00e9ve amennyiben adott id\u0151szakra k\u00f6telezetts\u00e9get nem v\u00e1llal, \u2013 el\u0151zetes bejelent\u00e9s n\u00e9lk\u00fcl szabadon v\u00e1ltoztathatja.<\/p>\n\n\n\n<p><strong>7.7<\/strong>. Szolg\u00e1ltat\u00f3 ,v\u00e1llalkoz\u00f3 \u00c1FA k\u00f6teles!<\/p>\n\n\n\n<p><strong>7.8<\/strong>. A helyi idegenforgalmi ad\u00f3 m\u00e9rt\u00e9ke Balatonfenyvesen 2023. janu\u00e1r 1-t\u0151l, 18 \u00e9ves kor felett, vend\u00e9genk\u00e9nt \u00e9s \u00e9jszak\u00e1nk\u00e9nt 500.-Ft, melynek \u00f6sszeg\u00e9t a sz\u00e1ll\u00e1sd\u00edj nem tartalmazza.<\/p>\n\n\n\n<p><strong>7.9<\/strong>. A honlapon \u00e9s egy\u00e9b helyeken meghirdetett k\u00f6zvet\u00edtett szolg\u00e1ltat\u00e1sok\u00e9rt (akt\u00edv pihen\u00e9s) \u00e9s e szolg\u00e1ltat\u00e1sok k\u00f6zben bek\u00f6vetkezett balesetek\u00e9rt \u00e9s k\u00e1rok\u00e9rt a Szolg\u00e1ltat\u00f3 nem v\u00e1llal felel\u0151ss\u00e9get \u00e9s nem terheli felel\u0151ss\u00e9g. A meghirdetett szolg\u00e1ltat\u00e1sokat a Vend\u00e9g saj\u00e1t felel\u0151ss\u00e9g\u00e9re veszi ig\u00e9nybe.<\/p>\n\n\n\n<p><strong>7.10<\/strong>. A lefoglalt, de a Vend\u00e9g sz\u00e1ll\u00e1shelyen val\u00f3 tart\u00f3zkod\u00e1sa alatt ig\u00e9nybe nem vett, illetve m\u00f3dos\u00edtott szolg\u00e1ltat\u00e1sok (sz\u00e1ll\u00e1s, k\u00f6zvet\u00edtett szolg\u00e1ltat\u00e1sok,) p\u00e9nzbeli visszat\u00e9r\u00edt\u00e9s\u00e9re nincs lehet\u0151s\u00e9g.<\/p>\n\n\n\n<p><strong>7.11<\/strong>. A sz\u00e1ll\u00e1s-szolg\u00e1ltat\u00e1s ig\u00e9nybev\u00e9tel\u00e9r\u0151l sz\u00f3l\u00f3 Szerz\u0151d\u00e9s meghat\u00e1rozott id\u0151tartamra sz\u00f3l.<\/p>\n\n\n\n<p><strong>7.12<\/strong>. Ha a Vend\u00e9g a meghat\u00e1rozott id\u0151tartam lej\u00e1rta el\u0151tt v\u00e9glegesen elhagyja a h\u00e1zat, a Szolg\u00e1ltat\u00f3 jogosult a Szerz\u0151d\u00e9sben kik\u00f6t\u00f6tt szolg\u00e1ltat\u00e1s teljes ellen\u00e9rt\u00e9k\u00e9re. A lej\u00e1rati id\u0151 el\u0151tt meg\u00fcresedett h\u00e1zat a Szolg\u00e1ltat\u00f3 jogosult \u00fajra \u00e9rt\u00e9kes\u00edteni.<\/p>\n\n\n\n<p><strong>7.13<\/strong>. A sz\u00e1ll\u00e1s-szolg\u00e1ltat\u00e1s ig\u00e9nybev\u00e9tel\u00e9nek Vend\u00e9g \u00e1ltal kezdem\u00e9nyezett meghosszabb\u00edt\u00e1s\u00e1hoz a Szolg\u00e1ltat\u00f3 el\u0151zetes hozz\u00e1j\u00e1rul\u00e1sa sz\u00fcks\u00e9ges. Ebben az esetben a Szolg\u00e1ltat\u00f3 kik\u00f6theti a m\u00e1r teljes\u00edtett szolg\u00e1ltat\u00e1s d\u00edj\u00e1nak megt\u00e9r\u00edt\u00e9s\u00e9t, valamint a hosszab\u00edt\u00e1s dij\u00e1nak megt\u00e9rit\u00e9s\u00e9t is.<\/p>\n\n\n\n<p><strong>8<\/strong>. A Szolg\u00e1ltat\u00e1s m\u00f3dos\u00edt\u00e1sa, t\u00f6rl\u00e9se:<\/p>\n\n\n\n<p><strong>8.1<\/strong>. \u00c1raj\u00e1nlat: A Vend\u00e9g \u00edr\u00e1sban megk\u00fcld\u00f6tt aj\u00e1nlatk\u00e9r\u00e9s\u00e9re a Szolg\u00e1ltat\u00f3 \u00e1raj\u00e1nlatot k\u00fcld. Az \u00e1raj\u00e1nlat \u00edr\u00e1sos k\u00f6z\u00f6s megegyez\u00e9s alapj\u00e1n m\u00f3dos\u00edthat\u00f3. Az \u00e1raj\u00e1nlatra t\u00f6rt\u00e9n\u0151 v\u00e1lasz hi\u00e1ny\u00e1ban az \u00e1raj\u00e1nlat 2 napos t\u00fcrelmi id\u0151 ut\u00e1n t\u00f6rl\u00e9sre ker\u00fcl.<\/p>\n\n\n\n<p><strong>8.2.<\/strong> Foglal\u00e1s<\/p>\n\n\n\n<p><strong>8.2.1<\/strong>. Amennyiben a Szolg\u00e1ltat\u00f3 \u00e1ltal a foglal\u00e1s meger\u0151s\u00edt\u00e9s\u00e9hez k\u00e9rt 30 % megegyez\u00e9s szerinti hat\u00e1rid\u0151ig nem ker\u00fcl megfizet\u00e9sre, a foglal\u00e1s t\u00f6rl\u00e9sre ker\u00fcl. A sz\u00f3ban leadott foglal\u00e1s, meg\u00e1llapod\u00e1s, m\u00f3dos\u00edt\u00e1s, vagy annak a Szolg\u00e1ltat\u00f3 \u00e1ltali sz\u00f3beli visszaigazol\u00e1sa nem szerz\u0151d\u00e9s \u00e9rt\u00e9k\u0171. A foglal\u00e1s m\u00f3dos\u00edt\u00e1s\u00e1hoz, kieg\u00e9sz\u00edt\u00e9s\u00e9hez a felek \u00e1ltali \u00edr\u00e1sos meg\u00e1llapod\u00e1s sz\u00fcks\u00e9ges.<\/p>\n\n\n\n<p><strong>8.2.2<\/strong>. M\u00e1r v\u00e9gleges\u00edtett \u00e9s visszaigazolt foglal\u00e1s m\u00e1s d\u00e1tumra t\u00f6rt\u00e9n\u0151 \u00e1thelyez\u00e9s\u00e9re, vagy a l\u00e9tsz\u00e1m m\u00f3dos\u00edt\u00e1s\u00e1ra a szabad kapacit\u00e1s f\u00fcggv\u00e9ny\u00e9ben \u00e9s a Fizet\u00e9si, Lemond\u00e1si felt\u00e9telek \u2013 ben val\u00f3 m\u00f3don van lehet\u0151s\u00e9g.<\/p>\n\n\n\n<p><strong>8.2.3.<\/strong> A Szolg\u00e1ltat\u00f3 vend\u00e9gh\u00e1z a meghirdetett \u00e1rait, \u2013 kiv\u00e9ve amennyiben adott id\u0151szakra k\u00f6telezetts\u00e9get nem v\u00e1llal, \u2013 el\u0151zetes bejelent\u00e9s n\u00e9lk\u00fcl szabadon v\u00e1ltoztathatja.<\/p>\n\n\n\n<p><strong>9<\/strong>. Ig\u00e9nybev\u00e9tel felt\u00e9telei:<\/p>\n\n\n\n<p><strong>9.1<\/strong>. A vend\u00e9g a sz\u00e1ll\u00e1st az ig\u00e9nybev\u00e9tel napj\u00e1n 14:00 \u00f3ra ut\u00e1n rugalmasan k\u00e9s\u0151i id\u0151pontban t\u00f6rt\u00e9n\u0151 bejelentkez\u00e9ssel veheti ig\u00e9nybe. A 18:00 \u00f3ra ut\u00e1ni \u00e9rkez\u00e9st a Szolg\u00e1ltat\u00f3 fel\u00e9 jelezni sz\u00fcks\u00e9ges. Kijelentkez\u00e9s (check-out) az utols\u00f3 tart\u00f3zkod\u00e1si napon 10:00 \u00f3r\u00e1ig. Az \u00e9rkez\u00e9si \u00e9s indul\u00e1si id\u0151pontban a sz\u00e1ll\u00e1sad\u00f3 a helysz\u00ednen tart\u00f3zkodik.<\/p>\n\n\n\n<p><strong>9.2<\/strong>. A Vend\u00e9g a sz\u00e1ll\u00e1shelyre \u00e9rkez\u00e9skor a hat\u00e1lyos jogszab\u00e1lyoknak megfelel\u0151en szem\u00e9lyazonoss\u00e1g\u00e1t k\u00f6teles a sz\u00e1ll\u00e1s elfoglal\u00e1sa el\u0151tt igazolni. A szem\u00e9lyes okm\u00e1nyok elektronikus r\u00f6gz\u00edt\u00e9s\u00e9nek sz\u00fcks\u00e9gess\u00e9g\u00e9r\u0151l a honlapunkon t\u00e1j\u00e9koz\u00f3dhatnak. Az okm\u00e1nyoknak adatr\u00f6gz\u00edt\u00e9s c\u00e9lj\u00e1b\u00f3l a Szolg\u00e1ltat\u00f3 rendelkez\u00e9s\u00e9re bocs\u00e1jt\u00e1s\u00e1val a vend\u00e9g elfogadja a sz\u00e1ll\u00e1shely \u00c1ltal\u00e1nos Szerz\u0151d\u00e9si Felt\u00e9teleit, illetve a sz\u00e1ll\u00e1shely kif\u00fcggesztett H\u00e1zirendj\u00e9t, ezen dokumentumok a sz\u00e1ll\u00e1shely honlapj\u00e1n el\u0151zetes t\u00e1j\u00e9koz\u00f3d\u00e1s c\u00e9lj\u00e1b\u00f3l hozz\u00e1f\u00e9rhet\u0151ek.<\/p>\n\n\n\n<p><strong>9.3<\/strong>. A Vend\u00e9g hib\u00e1j\u00e1b\u00f3l keletkez\u0151 s\u00e9r\u00fcl\u00e9sek\u00e9rt a Sz\u00e1ll\u00e1shely nem v\u00e1llal felel\u0151ss\u00e9get. A rong\u00e1l\u00e1s miatti k\u00f6lts\u00e9geket a sz\u00e1ll\u00e1shely a vend\u00e9gre terheli.<\/p>\n\n\n\n<p><strong>9.4<\/strong>. A sz\u00e1ll\u00e1shelyre h\u00e1zi\u00e1llatok hozhat\u00f3k, t\u00e9r\u00edt\u00e9s ellen\u00e9ben 8 kg-ig 5000.- Ft\/\u00e9jszaka, 8 kg felett 10000.-Ft\/\u00e9jszaka megfizet\u00e9se mellett. A sz\u00e1ll\u00e1shely rendelkezik z\u00e1rt kerttel. Az enged\u00e9ly n\u00e9lk\u00fcl hozott h\u00e1zi\u00e1llatokat a Sz\u00e1ll\u00e1sad\u00f3nak jog\u00e1ban \u00e1ll elutas\u00edtani. Az enged\u00e9ly n\u00e9lk\u00fcl hozott h\u00e1zi\u00e1llatok \u00e1ltal okozott s\u00e9r\u00fcl\u00e9sek\u00e9rt, k\u00e1rok\u00e9rt a vend\u00e9get k\u00e1rt\u00e9r\u00edt\u00e9si k\u00f6telezetts\u00e9g terheli a sz\u00e1ll\u00e1shely fel\u00e9.<\/p>\n\n\n\n<p><strong>9.5<\/strong>. A h\u00e1zban tilos a doh\u00e1nyz\u00e1s, doh\u00e1nyozni a pihen\u0151kertben \u00e9s az udvar\/fedett terasz doh\u00e1nyz\u00e1sra kijel\u00f6lt ter\u00fclet\u00e9n szabad.<\/p>\n\n\n\n<p><strong>10.<\/strong> Sz\u00e1ll\u00e1shely haszn\u00e1lat visszautas\u00edt\u00e1sa, szerz\u0151d\u00e9s megsz\u0171n\u00e9se: a Sz\u00e1ll\u00e1shely jogosult a szerz\u0151d\u00e9st felmondani \u00e9s a szolg\u00e1ltat\u00e1sny\u00fajt\u00e1st megtagadni, amennyiben a Vend\u00e9g 1. nem teljes\u00edt\u00e9si fizet\u00e9si k\u00f6telezetts\u00e9g\u00e9t. 2. nem rendeltet\u00e9sszer\u0171en haszn\u00e1lja a sz\u00e1ll\u00e1shelyet 3. fert\u0151z\u0151 betegs\u00e9gben szenved 4. drog befoly\u00e1sa alatt \u00e1ll 5. elfogadhatatlan, erk\u00f6lcstelen, er\u0151szakos, \u00f6sszef\u00e9rhetetlen magatart\u00e1st tan\u00fas\u00edt a h\u00e1zban \u00e9s k\u00f6rnyezet\u00e9ben. 6. a feleken k\u00edv\u00fcl \u00e1ll\u00f3 okok, \u00fagynevezett vis maior (h\u00e1bor\u00fa, j\u00e1rv\u00e1ny, t\u0171z, \u00e1rv\u00edz, id\u0151j\u00e1r\u00e1sbeli viszontags\u00e1g, \u00e1ramhi\u00e1ny, sztr\u00e1jk bek\u00f6vetkez\u00e9se), eset\u00e9n, melyek felett a f\u00e9l nem b\u00edr ellen\u0151rz\u00e9ssel.<\/p>\n\n\n\n<p><strong>11<\/strong>. A Vend\u00e9g jogai: 1. A Vend\u00e9g jogosult a Sz\u00e1ll\u00e1shely szolg\u00e1ltat\u00e1si k\u00f6rbe tartoz\u00f3 rendeltet\u00e9sszer\u0171 haszn\u00e1lat\u00e1ra, 2. A Vend\u00e9g jogosult a sz\u00e1ll\u00e1shely berendez\u00e9seinek, eszk\u00f6zeinek haszn\u00e1lat\u00e1ra. 3. A tart\u00f3zkod\u00e1s idej\u00e9n felmer\u00fcl\u0151 b\u00e1rmely probl\u00e9ma eset\u00e9n a szolg\u00e1ltat\u00f3 telefonon, illetve \u00edr\u00e1sban a <a href=\"mailto:himre999@gmail.com\">himre999@gmail.com<\/a> &nbsp;c\u00edmen el\u00e9rhet\u0151, a probl\u00e9ma miel\u0151bbi megold\u00e1sa \u00e9rdek\u00e9ben. 4. A Vend\u00e9g panaszt\u00e9teli joga a sz\u00e1ll\u00e1shely elhagy\u00e1s\u00e1t k\u00f6vet\u0151en megsz\u0171nik.<\/p>\n\n\n\n<p><strong>12.<\/strong> A Vend\u00e9g k\u00f6telezetts\u00e9gei:<\/p>\n\n\n\n<p><strong>12.1<\/strong>. Vend\u00e9g k\u00f6teles a Szerz\u0151d\u00e9sben foglaltak szerinti id\u0151pontig \u00e9s m\u00f3don kiegyenl\u00edteni a szolg\u00e1ltat\u00e1sok ellen\u00e9rt\u00e9k\u00e9t.<\/p>\n\n\n\n<p><strong>12.2<\/strong>. A Vend\u00e9g k\u00f6teless\u00e9ge a szolg\u00e1ltat\u00e1s fizet\u00e9si m\u00f3d szerinti megfizet\u00e9se. A v\u00e1lasztott fizet\u00e9si m\u00f3dt\u00f3l a Vend\u00e9g csak a Szolg\u00e1ltat\u00f3 el\u0151zetes hozz\u00e1j\u00e1rul\u00e1s\u00e1val t\u00e9rhet el. Amennyiben a megrendelt szolg\u00e1ltat\u00e1s v\u00e9tel\u00e1r\u00e1t a Vend\u00e9g nem tudja megfizetni, akkor a megrendelt szolg\u00e1ltat\u00e1s t\u00f6rl\u0151dik a rendszerb\u0151l.<\/p>\n\n\n\n<p><strong>12.3<\/strong>. A Vend\u00e9g k\u00f6teles gondoskodni arr\u00f3l, hogy a fel\u00fcgyelete al\u00e1 tartoz\u00f3 18 \u00e9v alatti gyermekek csak feln\u0151tt fel\u00fcgyelete alatt tart\u00f3zkodjanak a sz\u00e1ll\u00e1shelyen.<\/p>\n\n\n\n<p><strong>12.4<\/strong>. Vend\u00e9g k\u00f6teles az \u00e1ltala, vagy k\u00eds\u00e9r\u0151je, illetve a fel\u00fcgyelete al\u00e1 tartoz\u00f3 szem\u00e9lyek \u00e1ltal okozott k\u00e1rt a szolg\u00e1ltat\u00f3nak megt\u00e9r\u00edteni.<\/p>\n\n\n\n<p><strong>12.5.<\/strong> A Vend\u00e9g adatok megad\u00e1sa sor\u00e1n megadott t\u00e9ves adatok\u00e9rt, az azokb\u00f3l ad\u00f3d\u00f3 k\u00e1rok\u00e9rt, a hib\u00e1s adatokb\u00f3l ered\u0151 esetleges t\u00e9ves teljes\u00edt\u00e9s\u00e9rt a Szolg\u00e1ltat\u00f3 semmilyen form\u00e1ban nem v\u00e1llal felel\u0151ss\u00e9get.<\/p>\n\n\n\n<p><strong>12.6.<\/strong> A Vend\u00e9g k\u00f6teles a H\u00e1zirendben foglaltakat tudom\u00e1sul venni \u00e9s betartani.<\/p>\n\n\n\n<p><strong>13<\/strong>. A Szolg\u00e1ltat\u00f3 jogai:<\/p>\n\n\n\n<p><strong>13.1.<\/strong> A Szolg\u00e1ltat\u00f3nak jog\u00e1ban \u00e1ll a Vend\u00e9g \u00e1ltal megrendelt \u00e9s v\u00e9gleges\u00edtett, de Vend\u00e9g \u00e1ltal ig\u00e9nybe nem vett sz\u00e1ll\u00e1shely szolg\u00e1ltat\u00e1sra be\u00e9rkezett 30 % sz\u00e1ll\u00e1sk\u00f6lts\u00e9g \u00f6sszeg\u00e9nek megtart\u00e1sa jelen \u00c1SZF-ben \u00e9s Fizet\u00e9si \u00e9s Lemond\u00e1si felt\u00e9tekben r\u00f6gz\u00edtettek szerint.<\/p>\n\n\n\n<p><strong>13.2<\/strong> A Szolg\u00e1ltat\u00f3nak jog\u00e1ban \u00e1ll a 10. 1-6. pontjai alatt foglaltak eset\u00e9n a sz\u00e1ll\u00e1shely szolg\u00e1ltat\u00e1s visszautas\u00edt\u00e1sa, megsz\u00fcntet\u00e9se.<\/p>\n\n\n\n<p><strong>14.<\/strong> A Szolg\u00e1ltat\u00f3 k\u00f6telezetts\u00e9ge, felel\u0151ss\u00e9ge:<\/p>\n\n\n\n<p><strong>14.1.<\/strong> A Szolg\u00e1lat\u00f3 k\u00f6teles a vend\u00e9g tart\u00f3zkod\u00e1sa alatti panasz\u00e1t kivizsg\u00e1lni \u00e9s megtenni a sz\u00fcks\u00e9ges l\u00e9p\u00e9seket a probl\u00e9ma kezel\u00e9s\u00e9re.<\/p>\n\n\n\n<p><strong>14.2<\/strong>. A Szolg\u00e1ltat\u00f3 k\u00f6teles telefonos el\u00e9rhet\u0151s\u00e9g\u00e9t megadni a Vend\u00e9gnek, az ott tart\u00f3zkod\u00e1sa alatt esetleg felmer\u00fclt probl\u00e9m\u00e1k, k\u00e9rd\u00e9sek rendez\u00e9se \u00e9rdek\u00e9ben.<\/p>\n\n\n\n<p><strong>14.3<\/strong>. Szolg\u00e1ltat\u00f3 nem v\u00e1llal felel\u0151ss\u00e9get a vend\u00e9g \u00e1ltal behozott elektromos berendez\u00e9sek\u00e9rt, azok okozta k\u00e1rok\u00e9rt a vend\u00e9g a felel\u0151s.<\/p>\n\n\n\n<p>Elektromos aut\u00f3, a Szolg\u00e1ltat\u00f3 h\u00e1l\u00f3zat\u00e1r\u00f3l val\u00f3 felt\u00f6lt\u00e9se, tilos!<\/p>\n\n\n\n<p><strong>14.4.<\/strong> Szolg\u00e1ltat\u00f3 felel\u0151ss\u00e9ge nem terjed ki a vend\u00e9g \u00e1ltal saj\u00e1t maga okozott k\u00e1rokra, illetve a vend\u00e9gek k\u00f6r\u00e9n k\u00edv\u00fcl \u00e1ll\u00f3 elh\u00e1r\u00edthatatlanul bek\u00f6vetkezett k\u00e1rokra.<\/p>\n\n\n\n<p><strong>14.5.<\/strong> Szolg\u00e1ltat\u00f3 nem v\u00e1llal felel\u0151ss\u00e9get a szolg\u00e1ltat\u00f3 k\u00f6z\u00f6ss\u00e9gi tereiben, illetve szob\u00e1iban hagyott szem\u00e9lyes t\u00e1rgyak\u00e9rt, \u00e9rt\u00e9kt\u00e1rgyak\u00e9rt, k\u00e9szp\u00e9nz\u00e9rt.<\/p>\n\n\n\n<p><strong>14.6.<\/strong> A Szolg\u00e1ltat\u00f3 nem felel olyan k\u00e1rok\u00e9rt, amelyek, er\u0151hatalom, term\u00e9szeti csap\u00e1s (vis maior, vagy egy\u00e9b, a Szolg\u00e1ltat\u00f3 \u00e9rdekk\u00f6r\u00e9n k\u00edv\u00fcl\u00e1ll\u00f3 ok, illetve esem\u00e9ny folyt\u00e1n k\u00f6vetkeznek be, amelyek\u00e9rt a Szolg\u00e1ltat\u00f3 nem tehet\u0151 felel\u0151ss\u00e9.<\/p>\n\n\n\n<p><strong>14.7.<\/strong> A Szolg\u00e1ltat\u00f3 az \u00e1rv\u00e1ltoz\u00e1s jog\u00e1t fenntartja.<\/p>\n\n\n\n<p><strong>15<\/strong>. Fizet\u00e9si \u00e9s Lemond\u00e1si Felt\u00e9telek:<\/p>\n\n\n\n<p><strong>15.1.<\/strong> A foglal\u00e1s a Fizet\u00e9si \u00e9s Lemond\u00e1si Felt\u00e9telek, illetve az \u00c1SZF elfogad\u00e1s\u00e1val, a teljes sz\u00e1ll\u00e1sd\u00edj 30%-\u00e1nak el\u0151re t\u00f6rt\u00e9n\u0151 megfizet\u00e9se \u00e9s annak visszaigazol\u00e1sa ut\u00e1n \u00e9rv\u00e9nyes. Amennyiben a k\u00e9rt \u00f6sszeg a megjel\u00f6lt hat\u00e1rnapig nem \u00e9rkezik meg, Szolg\u00e1ltat\u00f3 aj\u00e1nlati \u00e9s szolg\u00e1ltat\u00e1si k\u00f6telezetts\u00e9ge is megsz\u0171nik.<\/p>\n\n\n\n<p><strong>15.2.<\/strong> Az 30 % megfizet\u00e9se t\u00f6rt\u00e9nhet \u00e1tutal\u00e1ssal, k\u00e9szp\u00e9nzzel. A fennmarad\u00f3 sz\u00e1ll\u00e1sd\u00edj a sz\u00e1ll\u00e1shely elfoglal\u00e1sa el\u0151tti 3. napig \u00e1tutal\u00e1ssal vagy legk\u00e9s\u0151bb az \u00e9rkez\u00e9s napj\u00e1n k\u00e9szp\u00e9nzzel fizetend\u0151. Termin\u00e1l nem \u00e1ll rendelkez\u00e9s\u00fcnkre.<\/p>\n\n\n\n<p><strong>15.3.<\/strong> B\u00e1rmely fizet\u00e9si m\u00f3d alkalmaz\u00e1s\u00e1val kapcsolatos k\u00f6lts\u00e9g a Szerz\u0151d\u0151 Vend\u00e9get terheli.<\/p>\n\n\n\n<p><strong>15.4<\/strong> A Szolg\u00e1ltat\u00f3 a p\u00e9nz\u00fcgyi teljes\u00edt\u00e9sr\u0151l (k\u00e9szp\u00e9nzes fizet\u00e9s eset\u00e9n a t\u00e1voz\u00e1s napj\u00e1n, \u00e1tutal\u00e1s eset\u00e9n a teljes\u00edt\u00e9s ut\u00e1n 8 napon bel\u00fcl) sz\u00e1ml\u00e1t \u00e1ll\u00edt ki a Vend\u00e9g fel\u00e9, ennek felt\u00e9tele a sz\u00e1ml\u00e1z\u00e1si adatok hi\u00e1nytalan megad\u00e1sa a Szolg\u00e1ltat\u00f3nak a Vend\u00e9g r\u00e9sz\u00e9r\u0151l.<\/p>\n\n\n\n<p><strong>16.<\/strong> Adatv\u00e9delem:<\/p>\n\n\n\n<p><strong>16.1.<\/strong> A Szolg\u00e1ltat\u00f3 fontosnak tartja a szem\u00e9lyes adatok v\u00e9delm\u00e9t, \u00e9s megtesz minden olyan biztons\u00e1gi, technikai \u00e9s szervezeti int\u00e9zked\u00e9st, mely az adatok biztons\u00e1g\u00e1t garant\u00e1lja. A Szolg\u00e1ltat\u00f3 a Szerz\u0151d\u00e9sben foglalt k\u00f6telezetts\u00e9ge teljes\u00edt\u00e9se sor\u00e1n k\u00f6teles a szem\u00e9lyes adatok v\u00e9delm\u00e9r\u0151l \u00e9s a k\u00f6z\u00e9rdek\u0171 adatok nyilv\u00e1noss\u00e1g\u00e1r\u00f3l sz\u00f3l\u00f3 hat\u00e1lyos jogszab\u00e1lyok \u00e9rv\u00e9nyes\u00edt\u00e9s\u00e9re \u00e9s az inform\u00e1ci\u00f3s \u00f6nrendelkez\u00e9si jogr\u00f3l \u00e9s az inform\u00e1ci\u00f3 szabads\u00e1gr\u00f3l sz\u00f3l\u00f3 t\u00f6rv\u00e9ny adatv\u00e9delemmel kapcsolatos vonatkoz\u00f3 jogszab\u00e1lyok rendelkez\u00e9seinek megfelel\u0151en elj\u00e1rni.<\/p>\n\n\n\n<p><strong>16.2<\/strong>. Vend\u00e9g tudom\u00e1sul veszi, hogy a Szolg\u00e1ltat\u00f3 t\u00f6rv\u00e9nyi felhatalmaz\u00e1s alapj\u00e1n k\u00f6teles a megkeres\u0151 hat\u00f3s\u00e1g fel\u00e9 a t\u00f6rv\u00e9ny szerinti adatszolg\u00e1ltat\u00e1st teljes\u00edteni.<\/p>\n\n\n\n<p><strong>16.3.<\/strong> Szolg\u00e1ltat\u00f3 adatv\u00e9delmi elveit Adatv\u00e9delmi Szab\u00e1lyzatban teszi k\u00f6zz\u00e9 honlapj\u00e1n.<\/p>\n\n\n\n<p>Balatonfenyves, 2023. november 1.<\/p>\n","protected":false},"excerpt":{"rendered":"<p>\u00c1LTAL\u00c1NOS SZERZ\u0150D\u00c9SI FELT\u00c9TELEK Az \u00c1ltal\u00e1nos Szerz\u0151d\u00e9si Felt\u00e9telek r\u00f6gz\u00edtik&nbsp;a HORV\u00c1TH H\u00c1Z&nbsp;sz\u00e1ll\u00e1shely szolg\u00e1ltat\u00e1sinak felt\u00e9teleit. \u00dczemeltet\u0151, szolg\u00e1ltat\u00e1st v\u00e9gz\u0151 neve:&nbsp;Horv\u00e1th Imr\u00e9n\u00e9, mag\u00e1nszem\u00e9ly \u00dczemeltet\u0151 sz\u00e9khelye: 8831 Nagykanizsa, Szentendrei utca 9\/C Sz\u00e1ll\u00e1shely c\u00edme: 8846 Balatonfenyves, El\u0151d utca 13. Ad\u00f3sz\u00e1m: 55220088-1-40 Banksz\u00e1mlasz\u00e1m HUF:&nbsp;11773494-13068019-00000000 NTAK sz\u00e1m:&nbsp;MA19018005 Szolg\u00e1ltat\u00f3 el\u00e9rhet\u0151s\u00e9gei, kapcsolattart\u00f3: Horv\u00e1th Imr\u00e9n\u00e9, telefon: +36 30&nbsp;277 5322, e-mail: himre999@gmail.com Szerz\u0151d\u0151 felek V\u00e1s\u00e1rl\u00f3\/Vend\u00e9g: a sz\u00e1ll\u00e1shely szolg\u00e1ltat\u00e1s\u00e1t [&hellip;]<\/p>\n","protected":false},"author":1,"featured_media":0,"parent":0,"menu_order":0,"comment_status":"closed","ping_status":"closed","template":"","meta":{"site-sidebar-layout":"default","site-content-layout":"","ast-site-content-layout":"default","site-content-style":"default","site-sidebar-style":"default","ast-global-header-display":"","ast-banner-title-visibility":"","ast-main-header-display":"","ast-hfb-above-header-display":"","ast-hfb-below-header-display":"","ast-hfb-mobile-header-display":"","site-post-title":"","ast-breadcrumbs-content":"","ast-featured-img":"","footer-sml-layout":"","ast-disable-related-posts":"","theme-transparent-header-meta":"","adv-header-id-meta":"","stick-header-meta":"","header-above-stick-meta":"","header-main-stick-meta":"","header-below-stick-meta":"","astra-migrate-meta-layouts":"set","ast-page-background-enabled":"default","ast-page-background-meta":{"desktop":{"background-color":"var(--ast-global-color-4)","background-image":"","background-repeat":"repeat","background-position":"center center","background-size":"auto","background-attachment":"scroll","background-type":"","background-media":"","overlay-type":"","overlay-color":"","overlay-opacity":"","overlay-gradient":""},"tablet":{"background-color":"","background-image":"","background-repeat":"repeat","background-position":"center center","background-size":"auto","background-attachment":"scroll","background-type":"","background-media":"","overlay-type":"","overlay-color":"","overlay-opacity":"","overlay-gradient":""},"mobile":{"background-color":"","background-image":"","background-repeat":"repeat","background-position":"center center","background-size":"auto","background-attachment":"scroll","background-type":"","background-media":"","overlay-type":"","overlay-color":"","overlay-opacity":"","overlay-gradient":""}},"ast-content-background-meta":{"desktop":{"background-color":"var(--ast-global-color-5)","background-image":"","background-repeat":"repeat","background-position":"center center","background-size":"auto","background-attachment":"scroll","background-type":"","background-media":"","overlay-type":"","overlay-color":"","overlay-opacity":"","overlay-gradient":""},"tablet":{"background-color":"var(--ast-global-color-5)","background-image":"","background-repeat":"repeat","background-position":"center center","background-size":"auto","background-attachment":"scroll","background-type":"","background-media":"","overlay-type":"","overlay-color":"","overlay-opacity":"","overlay-gradient":""},"mobile":{"background-color":"var(--ast-global-color-5)","background-image":"","background-repeat":"repeat","background-position":"center center","background-size":"auto","background-attachment":"scroll","background-type":"","background-media":"","overlay-type":"","overlay-color":"","overlay-opacity":"","overlay-gradient":""}},"footnotes":""},"class_list":["post-647","page","type-page","status-publish","hentry"],"_links":{"self":[{"href":"http:\/\/www.balatonfenyves-horvath.hu\/index.php\/wp-json\/wp\/v2\/pages\/647","targetHints":{"allow":["GET"]}}],"collection":[{"href":"http:\/\/www.balatonfenyves-horvath.hu\/index.php\/wp-json\/wp\/v2\/pages"}],"about":[{"href":"http:\/\/www.balatonfenyves-horvath.hu\/index.php\/wp-json\/wp\/v2\/types\/page"}],"author":[{"embeddable":true,"href":"http:\/\/www.balatonfenyves-horvath.hu\/index.php\/wp-json\/wp\/v2\/users\/1"}],"replies":[{"embeddable":true,"href":"http:\/\/www.balatonfenyves-horvath.hu\/index.php\/wp-json\/wp\/v2\/comments?post=647"}],"version-history":[{"count":1,"href":"http:\/\/www.balatonfenyves-horvath.hu\/index.php\/wp-json\/wp\/v2\/pages\/647\/revisions"}],"predecessor-version":[{"id":648,"href":"http:\/\/www.balatonfenyves-horvath.hu\/index.php\/wp-json\/wp\/v2\/pages\/647\/revisions\/648"}],"wp:attachment":[{"href":"http:\/\/www.balatonfenyves-horvath.hu\/index.php\/wp-json\/wp\/v2\/media?parent=647"}],"curies":[{"name":"wp","href":"https:\/\/api.w.org\/{rel}","templated":true}]}}